{"id":634,"date":"2021-03-15T16:27:27","date_gmt":"2021-03-15T19:27:27","guid":{"rendered":"https:\/\/www.cifha.org.ar\/web\/?post_type=archivo&#038;p=634"},"modified":"2021-07-15T18:44:26","modified_gmt":"2021-07-15T21:44:26","slug":"retrato-grupal-2","status":"publish","type":"archivo","link":"https:\/\/www.cifha.org.ar\/web\/archivo\/retrato-grupal-2\/","title":{"rendered":"Retrato Grupal"},"content":{"rendered":"\n<p>Juan S. M\u00fcller, oriundo de Noruega, lleg\u00f3 a Argentina en 1868 y se asent\u00f3 en el Delta del Tigre, Buenos Aires. su familia habit\u00f3 all\u00ed por 4 generaciones. Juan habr\u00eda venido a ver a su padre, ya instalado en el Delta, due\u00f1o de un aserradero y constituy\u00e9ndose en uno de los primeros pobladores de la zona (R\u00edo Carapachay). <\/p>\n\n\n\n<p>Juan fue el primer fot\u00f3grafo del Delta, sus obras fotogr\u00e1ficas datan de 1880, tenemos documentaci\u00f3n que certifica que fue socio de la Sociedad Fotogr\u00e1fica Argentina de Aficionados (SFAA), fundada el 29 de abril de 1889 y que fuera la instituci\u00f3n fotogr\u00e1fica argentina m\u00e1s importante de siglo XIX y principios del XX. Fue tambi\u00e9n fundador de la Sociedad Fotogr\u00e1fica Niepce, en Buenos Aires, el 22 de mayo de 1893, totalmente desconocida hasta ahora. Juan se cas\u00f3 con Catalina Ambort y tuvieron un hijo llamado Adolfo, nacido el 27 noviembre de 1892 en Buenos Aires, tambi\u00e9n fot\u00f3grafo y del que conservamos parte de su archivo. Las primeras im\u00e1genes fotogr\u00e1ficas del fondo -placas de vidrio en gran formato- datan aproximadamente de 1880 y las \u00faltimas de 1930. <\/p>\n\n\n\n<p>Este archivo constituye un valios\u00edsimo testimonio, no s\u00f3lo de las costumbres y cultura de la \u00e9poca, sino tambi\u00e9n del desarrollo de la fotograf\u00eda en el pa\u00eds; exponer y revelar negativos de gran formato en el siglo XIX, en un territorio tan hostil, fue una verdadera proeza.<\/p>\n\n\n\n<p><\/p>\n","protected":false},"featured_media":984,"template":"","class_list":["post-634","archivo","type-archivo","status-publish","has-post-thumbnail","hentry"],"acf":[],"_links":{"self":[{"href":"https:\/\/www.cifha.org.ar\/web\/wp-json\/wp\/v2\/archivo\/634","targetHints":{"allow":["GET"]}}],"collection":[{"href":"https:\/\/www.cifha.org.ar\/web\/wp-json\/wp\/v2\/archivo"}],"about":[{"href":"https:\/\/www.cifha.org.ar\/web\/wp-json\/wp\/v2\/types\/archivo"}],"wp:featuredmedia":[{"embeddable":true,"href":"https:\/\/www.cifha.org.ar\/web\/wp-json\/wp\/v2\/media\/984"}],"wp:attachment":[{"href":"https:\/\/www.cifha.org.ar\/web\/wp-json\/wp\/v2\/media?parent=634"}],"curies":[{"name":"wp","href":"https:\/\/api.w.org\/{rel}","templated":true}]}}